{"id":58,"date":"2025-03-03T12:34:59","date_gmt":"2025-03-03T11:34:59","guid":{"rendered":"https:\/\/staging.arnauddespa.com\/?page_id=58"},"modified":"2025-03-10T12:14:16","modified_gmt":"2025-03-10T11:14:16","slug":"services","status":"publish","type":"page","link":"https:\/\/arnauddespa.com\/index.php\/services\/","title":{"rendered":"Services"},"content":{"rendered":"\t\t<div data-elementor-type=\"wp-page\" data-elementor-id=\"58\" class=\"elementor elementor-58\">\n\t\t\t\t<div class=\"elementor-element elementor-element-370d81b e-flex e-con-boxed e-con e-parent\" data-id=\"370d81b\" data-element_type=\"container\" data-e-type=\"container\">\n\t\t\t\t\t<div class=\"e-con-inner\">\n\t\t\t\t<div class=\"elementor-element elementor-element-205552c elementor-widget elementor-widget-spacer\" data-id=\"205552c\" data-element_type=\"widget\" data-e-type=\"widget\" data-widget_type=\"spacer.default\">\n\t\t\t\t<div class=\"elementor-widget-container\">\n\t\t\t\t\t\t\t<div class=\"elementor-spacer\">\n\t\t\t<div class=\"elementor-spacer-inner\"><\/div>\n\t\t<\/div>\n\t\t\t\t\t\t<\/div>\n\t\t\t\t<\/div>\n\t\t\t\t\t<\/div>\n\t\t\t\t<\/div>\n\t\t<div class=\"elementor-element elementor-element-824b99c e-grid e-con-boxed e-con e-parent\" data-id=\"824b99c\" data-element_type=\"container\" data-e-type=\"container\">\n\t\t\t\t\t<div class=\"e-con-inner\">\n\t\t\t\t<div class=\"elementor-element elementor-element-9d5f2ee elementor-widget elementor-widget-text-editor\" data-id=\"9d5f2ee\" data-element_type=\"widget\" data-e-type=\"widget\" data-widget_type=\"text-editor.default\">\n\t\t\t\t<div class=\"elementor-widget-container\">\n\t\t\t\t\t\t\t\t\t<h5>Achats \u2014 ventes \u2014 expertises \u2014 estimations \u2014 successions<\/h5><p>Plusieurs options s&rsquo;offrent \u00e0 vous si vous souhaitez vendre les biens que vous poss\u00e9dez.<\/p><ul><li>Nous vous accueillons sur rendez-vous dans notre galerie, situ\u00e9e au 144 avenue Reine Astrid, 4900 Spa.<\/li><\/ul><ul><li>Nous pouvons \u00e9galement vous fournir une premi\u00e8re estimation indicative sur la base de photos envoy\u00e9es par email ou par message au 0495 50 39 59 .<\/li><\/ul><ul><li>Enfin, nous proposons des d\u00e9placements pour \u00e9valuer vos meubles et objets d\u2019art directement sur place.<\/li><\/ul><p>\u00a0<\/p>\t\t\t\t\t\t\t\t<\/div>\n\t\t\t\t<\/div>\n\t\t\t\t\t<\/div>\n\t\t\t\t<\/div>\n\t\t<div class=\"elementor-element elementor-element-0a366cb e-flex e-con-boxed e-con e-parent\" data-id=\"0a366cb\" data-element_type=\"container\" data-e-type=\"container\">\n\t\t\t\t\t<div class=\"e-con-inner\">\n\t\t\t\t<div class=\"elementor-element elementor-element-1931a0c elementor-widget elementor-widget-spacer\" data-id=\"1931a0c\" data-element_type=\"widget\" data-e-type=\"widget\" data-widget_type=\"spacer.default\">\n\t\t\t\t<div class=\"elementor-widget-container\">\n\t\t\t\t\t\t\t<div class=\"elementor-spacer\">\n\t\t\t<div class=\"elementor-spacer-inner\"><\/div>\n\t\t<\/div>\n\t\t\t\t\t\t<\/div>\n\t\t\t\t<\/div>\n\t\t\t\t\t<\/div>\n\t\t\t\t<\/div>\n\t\t<div class=\"elementor-element elementor-element-5e8d03e e-grid e-con-boxed e-con e-parent\" data-id=\"5e8d03e\" data-element_type=\"container\" data-e-type=\"container\">\n\t\t\t\t\t<div class=\"e-con-inner\">\n\t\t\t\t<div class=\"elementor-element elementor-element-a1ffa47 elementor-widget__width-initial elementor-widget elementor-widget-text-editor\" data-id=\"a1ffa47\" data-element_type=\"widget\" data-e-type=\"widget\" data-widget_type=\"text-editor.default\">\n\t\t\t\t<div class=\"elementor-widget-container\">\n\t\t\t\t\t\t\t\t\t<h5>Livraison<\/h5><p>Nous savons que le transport d&rsquo;antiquit\u00e9s de valeur peut poser probl\u00e8me. C&rsquo;est pourquoi nous proposons un service de livraison au Benelux, en France et en Allemagne. Nous veillons \u00e0 ce que vos objets de valeur soient manipul\u00e9s en toute s\u00e9curit\u00e9 et vous parviennent en parfait \u00e9tat.<\/p>\t\t\t\t\t\t\t\t<\/div>\n\t\t\t\t<\/div>\n\t\t\t\t<div class=\"elementor-element elementor-element-15ce5fd elementor-widget__width-initial elementor-widget elementor-widget-text-editor\" data-id=\"15ce5fd\" data-element_type=\"widget\" data-e-type=\"widget\" data-widget_type=\"text-editor.default\">\n\t\t\t\t<div class=\"elementor-widget-container\">\n\t\t\t\t\t\t\t\t\t<h5>Exportation<\/h5><p>Nous pouvons \u00e9galement organiser l&rsquo;exportation dans le monde entier pour que vos antiquit\u00e9s vous parviennent, o\u00f9 que vous soyez. N&rsquo;h\u00e9sitez pas \u00e0 nous contacter ou \u00e0 contacter nos partenaires : Camard &#8211; Hedley&rsquo;s &#8211; Edet<\/p>\t\t\t\t\t\t\t\t<\/div>\n\t\t\t\t<\/div>\n\t\t\t\t\t<\/div>\n\t\t\t\t<\/div>\n\t\t\t\t<\/div>\n\t\t","protected":false},"excerpt":{"rendered":"<p>Achats \u2014 ventes \u2014 expertises \u2014 estimations \u2014 successions Plusieurs options s&rsquo;offrent \u00e0 vous si vous souhaitez vendre les biens que vous poss\u00e9dez. Nous vous accueillons sur rendez-vous dans notre galerie, situ\u00e9e au 144 avenue Reine Astrid, 4900 Spa. Nous pouvons \u00e9galement vous fournir une premi\u00e8re estimation indicative sur la base de photos envoy\u00e9es par [&hellip;]<\/p>\n","protected":false},"author":1,"featured_media":0,"parent":0,"menu_order":0,"comment_status":"closed","ping_status":"closed","template":"","meta":{"footnotes":""},"class_list":["post-58","page","type-page","status-publish","hentry"],"_links":{"self":[{"href":"https:\/\/arnauddespa.com\/index.php\/wp-json\/wp\/v2\/pages\/58","targetHints":{"allow":["GET"]}}],"collection":[{"href":"https:\/\/arnauddespa.com\/index.php\/wp-json\/wp\/v2\/pages"}],"about":[{"href":"https:\/\/arnauddespa.com\/index.php\/wp-json\/wp\/v2\/types\/page"}],"author":[{"embeddable":true,"href":"https:\/\/arnauddespa.com\/index.php\/wp-json\/wp\/v2\/users\/1"}],"replies":[{"embeddable":true,"href":"https:\/\/arnauddespa.com\/index.php\/wp-json\/wp\/v2\/comments?post=58"}],"version-history":[{"count":10,"href":"https:\/\/arnauddespa.com\/index.php\/wp-json\/wp\/v2\/pages\/58\/revisions"}],"predecessor-version":[{"id":355,"href":"https:\/\/arnauddespa.com\/index.php\/wp-json\/wp\/v2\/pages\/58\/revisions\/355"}],"wp:attachment":[{"href":"https:\/\/arnauddespa.com\/index.php\/wp-json\/wp\/v2\/media?parent=58"}],"curies":[{"name":"wp","href":"https:\/\/api.w.org\/{rel}","templated":true}]}}